{"id":1968,"date":"2021-11-19T18:16:20","date_gmt":"2021-11-19T17:16:20","guid":{"rendered":"https:\/\/setras.miklab.ovh\/qui-sommes-nous\/"},"modified":"2025-05-22T21:49:23","modified_gmt":"2025-05-22T19:49:23","slug":"qui-sommes-nous","status":"publish","type":"page","link":"https:\/\/www.setras.it\/fr\/qui-sommes-nous\/","title":{"rendered":"\u00c0 propos"},"content":{"rendered":"<p>[vc_row css_animation=\u00a0\u00bbfadeIn\u00a0\u00bb][vc_column css_animation=\u00a0\u00bbfadeIn\u00a0\u00bb width=\u00a0\u00bb1\/2&Prime;][vc_column_text]Avec sa flotte de 180 remorques, 150 conteneurs-citernes et 200 conteneurs en vrac , l&rsquo;entreprise <b>Setras a conquis le march\u00e9 de la route et du transport intermodal<\/b>.<\/p>\n<p>L&rsquo;entreprise Setras na\u00eet pour le transport de <b>produits liquides en citerne<\/b>, mais au fil des ann\u00e9es, elle c&rsquo;est \u00e9galement \u00e9quip\u00e9e de <b>v\u00e9hicules de basculement, inclinaison et roll-off<\/b>, et met \u00e0 votre service son expertise et vous propose des prestations de transport de tous types de marchandises r\u00e9pondant \u00e0 vos besoins sp\u00e9cifiques en mati\u00e8re de volume et de d\u00e9lais.<\/p>\n<p>L&rsquo;entreprise Setras dispose de trois bases logistiques \u00e0 travers l&rsquo;Italie , le si\u00e8ge social est \u00e0 Narni (Terni) et les deux filiales d&rsquo;exploitation sont situ\u00e9es \u00e0 Viggiano (PZ), \u00e0 Trecate (Novara) et \u00e0 Priolo Gargallo (Siracusa) o\u00f9 sont situ\u00e9s les v\u00e9hicules et le personnel.<\/p>\n<p>Le si\u00e8ge social de Narni est \u00e9quip\u00e9 d&rsquo; un atelier pour l&rsquo;entretien et le <b>lavage industriel interne des citernes<\/b>. Transporteur routier fiable, attention au client, personnel extr\u00eamement comp\u00e9tent et respect de l&rsquo;environnement est la devise qui distingue depuis toujours l&rsquo;entreprise Setras.[\/vc_column_text][\/vc_column][vc_column css_animation=\u00a0\u00bbfadeIn\u00a0\u00bb width=\u00a0\u00bb1\/2&Prime;][vc_custom_heading text=\u00a0\u00bbCompany Profile\u00a0\u00bb google_fonts=\u00a0\u00bbfont_family:Titillium%20Web%3A200%2C200italic%2C300%2C300italic%2Cregular%2Citalic%2C600%2C600italic%2C700%2C700italic%2C900|font_style:400%20regular%3A400%3Anormal\u00a0\u00bb][vc_video link=\u00a0\u00bbhttps:\/\/www.youtube.com\/watch?list=PLGe3zJfIingjhRPiS7NBtrHscRtDf03xG&amp;v=l9-OK5SPVD8&amp;feature=emb_imp_woyt\u00a0\u00bb el_aspect=\u00a0\u00bb43&Prime; align=\u00a0\u00bbcenter\u00a0\u00bb][\/vc_column][\/vc_row][vc_row full_width=\u00a0\u00bbstretch_row_content_no_spaces\u00a0\u00bb css_animation=\u00a0\u00bbfadeIn\u00a0\u00bb css=\u00a0\u00bb.vc_custom_1637252214949{margin-top: 50px !important;margin-bottom: 50px !important;padding-top: 14px !important;padding-bottom: 50px !important;background-color: #34ccff !important;}\u00a0\u00bb el_id=\u00a0\u00bbcompanyprofile\u00a0\u00bb][vc_column][vc_custom_heading text=\u00a0\u00bbCOMPANY PROFILE\u00a0\u00bb font_container=\u00a0\u00bbtag:h2|text_align:center|color:%23ffffff\u00a0\u00bb google_fonts=\u00a0\u00bbfont_family:Titillium%20Web%3A200%2C200italic%2C300%2C300italic%2Cregular%2Citalic%2C600%2C600italic%2C700%2C700italic%2C900|font_style:400%20regular%3A400%3Anormal\u00a0\u00bb][vc_column_text]<div class='w3eden'><!-- WPDM Link Template: Button Template -->\n\n<a class='wpdm-download-link download-on-click btn btn-link ' rel='nofollow' href='#' data-downloadurl=\"https:\/\/www.setras.it\/fr\/download\/company-profile-en\/?wpdmdl=2128&refresh=69f276e2069b91777497826\">T\u00e9l\u00e9charger<\/a><\/div>[\/vc_column_text][\/vc_column][\/vc_row][vc_row][vc_column width=\u00a0\u00bb2\/3&Prime;][vc_custom_heading text=\u00a0\u00bbNotre histoire\u00a0\u00bb google_fonts=\u00a0\u00bbfont_family:Titillium%20Web%3A200%2C200italic%2C300%2C300italic%2Cregular%2Citalic%2C600%2C600italic%2C700%2C700italic%2C900|font_style:400%20regular%3A400%3Anormal\u00a0\u00bb][vc_column_text]<b>Trois g\u00e9n\u00e9rations pour une compagnie leader dans les transports sp\u00e9ciaux.<\/b><\/p>\n<p><b>Setras a \u00e9t\u00e9 fond\u00e9e en 1980<\/b>, pour le transfert d&rsquo;une branche commerciale de <b>GETI SpA<\/b>, une soci\u00e9t\u00e9 fond\u00e9e en <b>1950 par Eligio Giovannini<\/b>, la premi\u00e8re g\u00e9n\u00e9ration de la dynastie.<\/p>\n<p><b>Alberto Giovannini, fils de Comm. Eligio<\/b>a eu l&rsquo;intuition de transporter du <b>soufre liquide des raffineries italiennes<\/b>, \u00e0 la <b>production chimique<\/b>, \u00e0 l&rsquo;agriculture et au vin.<\/p>\n<p>Au d\u00e9but des <b>ann\u00e9es 90<\/b>, comme en Italie, les grandes raffineries se trouvaient dans le sud et les soci\u00e9t\u00e9s de production dans le nord, <b>investissaient dans l&rsquo;intermodalit\u00e9 (route \/ rail)<\/b> et entamaient un voyage qui se <b>r\u00e9v\u00e9lera fructueux \u00e0 l&rsquo;avenir<\/b>.<\/p>\n<p><b>Dans les ann\u00e9es 2000<\/b>, Amedeo Giovannini directeur commercial et <b>troisi\u00e8me g\u00e9n\u00e9ration<\/b>, comprend l&rsquo;importance du transport des d\u00e9chets industriels, acquiert toutes les <b>autorisations nationales et internationales<\/b> et trace la route qui va projeter les <b>Setras vers le Core Business actuel<\/b>.<\/p>\n<p>Aujourd&rsquo;hui, la soci\u00e9t\u00e9 est dirig\u00e9e par <b>Stella Giovannini<\/b> (<b>directrice de l&rsquo;entreprise<\/b>) et Amedeo Giovannini et peut se pr\u00e9valoir d&rsquo;une <b>client\u00e8le de premi\u00e8re importance<\/b>, tant dans le <b>secteur chimique que dans le secteur des d\u00e9chets industriels<\/b>.[\/vc_column_text][vc_custom_heading text=\u00a0\u00bbCOMPANY PROFILE\u00a0\u00bb font_container=\u00a0\u00bbtag:h2|text_align:center|color:%23ffffff\u00a0\u00bb google_fonts=\u00a0\u00bbfont_family:Titillium%20Web%3A200%2C200italic%2C300%2C300italic%2Cregular%2Citalic%2C600%2C600italic%2C700%2C700italic%2C900|font_style:400%20regular%3A400%3Anormal\u00a0\u00bb][\/vc_column][vc_column width=\u00a0\u00bb1\/3&Prime;][vc_single_image image=\u00a0\u00bb1330&Prime; img_size=\u00a0\u00bbfull\u00a0\u00bb alignment=\u00a0\u00bbcenter\u00a0\u00bb][vc_single_image image=\u00a0\u00bb1329&Prime; img_size=\u00a0\u00bbfull\u00a0\u00bb alignment=\u00a0\u00bbcenter\u00a0\u00bb][vc_column_text]<\/p>\n<p><center><b><i>Commendatore Eligio Giovannini , fondateur en 1950 de la Soci\u00e9t\u00e9 GETI SpA<\/i><\/b><\/center>[\/vc_column_text][\/vc_column][\/vc_row][vc_row full_width=\u00a0\u00bbstretch_row\u00a0\u00bb css=\u00a0\u00bb.vc_custom_1637172968668{margin-top: 50px !important;padding-top: 50px !important;padding-bottom: 50px !important;background-color: #dadada !important;}\u00a0\u00bb el_id=\u00a0\u00bbaziendafooter\u00a0\u00bb][vc_column width=\u00a0\u00bb1\/6&Prime;][vc_custom_heading text=\u00a0\u00bbORGANIGRAMME\u00a0\u00bb font_container=\u00a0\u00bbtag:h3|font_size:22|text_align:left\u00a0\u00bb google_fonts=\u00a0\u00bbfont_family:Titillium%20Web%3A200%2C200italic%2C300%2C300italic%2Cregular%2Citalic%2C600%2C600italic%2C700%2C700italic%2C900|font_style:400%20regular%3A400%3Anormal\u00a0\u00bb][vc_column_text]<div class='w3eden'><!-- WPDM Link Template: Button Template -->\n\n<a class='wpdm-download-link download-on-click btn btn-link ' rel='nofollow' href='#' data-downloadurl=\"https:\/\/www.setras.it\/fr\/download\/organigramma\/?wpdmdl=1448&refresh=69f276e209ebe1777497826\">T\u00e9l\u00e9charger<\/a><\/div>[\/vc_column_text][\/vc_column][vc_column width=\u00a0\u00bb1\/6&Prime;][vc_custom_heading text=\u00a0\u00bbPOLITIQUE INT\u00c9GR\u00c9E\u00a0\u00bb font_container=\u00a0\u00bbtag:h3|font_size:22|text_align:left\u00a0\u00bb google_fonts=\u00a0\u00bbfont_family:Titillium%20Web%3A200%2C200italic%2C300%2C300italic%2Cregular%2Citalic%2C600%2C600italic%2C700%2C700italic%2C900|font_style:400%20regular%3A400%3Anormal\u00a0\u00bb][vc_column_text]<div class='w3eden'><!-- WPDM Link Template: Button Template -->\n\n<a class='wpdm-download-link download-on-click btn btn-link ' rel='nofollow' href='#' data-downloadurl=\"https:\/\/www.setras.it\/fr\/download\/politica-integrata\/?wpdmdl=1447&refresh=69f276e20c1ee1777497826\">T\u00e9l\u00e9charger<\/a><\/div>[\/vc_column_text][\/vc_column][vc_column width=\u00a0\u00bb1\/6&Prime;][vc_custom_heading text=\u00a0\u00bbCode d&rsquo;\u00e9thique\u00a0\u00bb font_container=\u00a0\u00bbtag:h3|font_size:22|text_align:left\u00a0\u00bb google_fonts=\u00a0\u00bbfont_family:Titillium%20Web%3A200%2C200italic%2C300%2C300italic%2Cregular%2Citalic%2C600%2C600italic%2C700%2C700italic%2C900|font_style:400%20regular%3A400%3Anormal\u00a0\u00bb][vc_raw_html]JTNDZGl2JTIwY2xhc3MlM0QlMjJ3M2VkZW4lMjIlM0UlM0MlMjEtLSUyMFdQRE0lMjBMaW5rJTIwVGVtcGxhdGUlM0ElMjBCdXR0b24lMjBUZW1wbGF0ZSUyMC0tJTNFJTBBJTBBJTNDYSUyMGNsYXNzJTNEJTIyd3BkbS1kb3dubG9hZC1saW5rJTIwZG93bmxvYWQtb24tY2xpY2slMjBidG4lMjBidG4tbGluayUyMCUyMiUyMHJlbCUzRCUyMm5vZm9sbG93JTIyJTIwaHJlZiUzRCUyMmh0dHBzJTNBJTJGJTJGd3d3LnNldHJhcy5pdCUyRndwLWNvbnRlbnQlMkZ1cGxvYWRzJTJGMjAyNSUyRjAyJTJGQ09ESUNFLUVUSUNPX1Jldi40LnBkZiUyMiUyMGRhdGEtZG93bmxvYWR1cmwlM0QlMjJodHRwcyUzQSUyRiUyRnd3dy5zZXRyYXMuaXQlMkZ3cC1jb250ZW50JTJGdXBsb2FkcyUyRjIwMjUlMkYwMiUyRkNPRElDRS1FVElDT19SZXYuNC5wZGYlMjIlMjB0YXJnZXQlM0QlMjJfYmxhbmslMjIlM0VUJUMzJUE5bCVDMyVBOWNoYXJnZXIlM0MlMkZhJTNFJTNDJTJGZGl2JTNF[\/vc_raw_html][\/vc_column][vc_column width=\u00a0\u00bb1\/6&Prime;][vc_custom_heading text=\u00a0\u00bbDROITS HUMAINS\u00a0\u00bb font_container=\u00a0\u00bbtag:h3|font_size:22|text_align:left\u00a0\u00bb google_fonts=\u00a0\u00bbfont_family:Titillium%20Web%3A200%2C200italic%2C300%2C300italic%2Cregular%2Citalic%2C600%2C600italic%2C700%2C700italic%2C900|font_style:400%20regular%3A400%3Anormal\u00a0\u00bb][vc_column_text]<div class='w3eden'><!-- WPDM Link Template: Button Template -->\n\n<a class='wpdm-download-link download-on-click btn btn-link ' rel='nofollow' href='#' data-downloadurl=\"https:\/\/www.setras.it\/fr\/download\/politica-diritti-umani\/?wpdmdl=4526&refresh=69f276e20e74c1777497826\">T\u00e9l\u00e9charger<\/a><\/div>[\/vc_column_text][\/vc_column][vc_column width=\u00a0\u00bb1\/6&Prime;][vc_custom_heading text=\u00a0\u00bbWHITE LIST\u00a0\u00bb font_container=\u00a0\u00bbtag:h3|font_size:22|text_align:left\u00a0\u00bb google_fonts=\u00a0\u00bbfont_family:Titillium%20Web%3A200%2C200italic%2C300%2C300italic%2Cregular%2Citalic%2C600%2C600italic%2C700%2C700italic%2C900|font_style:400%20regular%3A400%3Anormal\u00a0\u00bb][vc_column_text]<div class='w3eden'><!-- WPDM Link Template: Button Template -->\n\n<a class='wpdm-download-link download-on-click btn btn-link ' rel='nofollow' href='#' data-downloadurl=\"https:\/\/www.setras.it\/fr\/download\/whitelist\/?wpdmdl=1450&refresh=69f276e210d6b1777497826\">T\u00e9l\u00e9charger<\/a><\/div>[\/vc_column_text][\/vc_column][vc_column width=\u00a0\u00bb1\/6&Prime;][vc_custom_heading text=\u00a0\u00bbL\u00e9galit\u00e9\u00a0\u00bb font_container=\u00a0\u00bbtag:h3|font_size:22|text_align:left\u00a0\u00bb google_fonts=\u00a0\u00bbfont_family:Titillium%20Web%3A200%2C200italic%2C300%2C300italic%2Cregular%2Citalic%2C600%2C600italic%2C700%2C700italic%2C900|font_style:400%20regular%3A400%3Anormal\u00a0\u00bb][vc_column_text]<div class='w3eden'><!-- WPDM Link Template: Button Template -->\n\n<a class='wpdm-download-link download-on-click btn btn-link ' rel='nofollow' href='#' data-downloadurl=\"https:\/\/www.setras.it\/fr\/download\/legalita\/?wpdmdl=4603&refresh=69f276e21344d1777497826\">T\u00e9l\u00e9charger<\/a><\/div>[\/vc_column_text][\/vc_column][\/vc_row]<\/p>\n","protected":false},"excerpt":{"rendered":"<p>[vc_row css_animation=\u00a0\u00bbfadeIn\u00a0\u00bb][vc_column css_animation=\u00a0\u00bbfadeIn\u00a0\u00bb width=\u00a0\u00bb1\/2&Prime;][vc_column_text]Avec sa flotte de 180 remorques, 150 conteneurs-citernes et 200 conteneurs en vrac , l&rsquo;entreprise Setras a conquis le march\u00e9 de la route et du transport intermodal. L&rsquo;entreprise Setras na\u00eet&#8230;<\/p>\n","protected":false},"author":2,"featured_media":0,"parent":0,"menu_order":0,"comment_status":"closed","ping_status":"closed","template":"","meta":{"footnotes":""},"class_list":["post-1968","page","type-page","status-publish","hentry"],"yoast_head":"<!-- This site is optimized with the Yoast SEO plugin v24.5 - https:\/\/yoast.com\/wordpress\/plugins\/seo\/ -->\n<title>\u00c0 propos - Setras<\/title>\n<meta name=\"robots\" content=\"index, follow, max-snippet:-1, max-image-preview:large, max-video-preview:-1\" \/>\n<link rel=\"canonical\" href=\"https:\/\/www.setras.it\/fr\/qui-sommes-nous\/\" \/>\n<meta property=\"og:locale\" content=\"fr_FR\" \/>\n<meta property=\"og:type\" content=\"article\" \/>\n<meta property=\"og:title\" content=\"\u00c0 propos - Setras\" \/>\n<meta property=\"og:description\" content=\"[vc_row css_animation=\u00a0\u00bbfadeIn\u00a0\u00bb][vc_column css_animation=\u00a0\u00bbfadeIn\u00a0\u00bb width=\u00a0\u00bb1\/2&Prime;][vc_column_text]Avec sa flotte de 180 remorques, 150 conteneurs-citernes et 200 conteneurs en vrac , l&rsquo;entreprise Setras a conquis le march\u00e9 de la route et du transport intermodal. L&rsquo;entreprise Setras na\u00eet...\" \/>\n<meta property=\"og:url\" content=\"https:\/\/www.setras.it\/fr\/qui-sommes-nous\/\" \/>\n<meta property=\"og:site_name\" content=\"Setras\" \/>\n<meta property=\"article:modified_time\" content=\"2025-05-22T19:49:23+00:00\" \/>\n<meta name=\"twitter:card\" content=\"summary_large_image\" \/>\n<meta name=\"twitter:label1\" content=\"Dur\u00e9e de lecture estim\u00e9e\" \/>\n\t<meta name=\"twitter:data1\" content=\"3 minutes\" \/>\n<script type=\"application\/ld+json\" class=\"yoast-schema-graph\">{\"@context\":\"https:\/\/schema.org\",\"@graph\":[{\"@type\":\"WebPage\",\"@id\":\"https:\/\/www.setras.it\/fr\/qui-sommes-nous\/\",\"url\":\"https:\/\/www.setras.it\/fr\/qui-sommes-nous\/\",\"name\":\"\u00c0 propos - Setras\",\"isPartOf\":{\"@id\":\"https:\/\/www.setras.it\/#website\"},\"datePublished\":\"2021-11-19T17:16:20+00:00\",\"dateModified\":\"2025-05-22T19:49:23+00:00\",\"breadcrumb\":{\"@id\":\"https:\/\/www.setras.it\/fr\/qui-sommes-nous\/#breadcrumb\"},\"inLanguage\":\"fr-FR\",\"potentialAction\":[{\"@type\":\"ReadAction\",\"target\":[\"https:\/\/www.setras.it\/fr\/qui-sommes-nous\/\"]}]},{\"@type\":\"BreadcrumbList\",\"@id\":\"https:\/\/www.setras.it\/fr\/qui-sommes-nous\/#breadcrumb\",\"itemListElement\":[{\"@type\":\"ListItem\",\"position\":1,\"name\":\"Home\",\"item\":\"https:\/\/www.setras.it\/\"},{\"@type\":\"ListItem\",\"position\":2,\"name\":\"\u00c0 propos\"}]},{\"@type\":\"WebSite\",\"@id\":\"https:\/\/www.setras.it\/#website\",\"url\":\"https:\/\/www.setras.it\/\",\"name\":\"Setras\",\"description\":\"Trasporti Prodotti Chimici\",\"potentialAction\":[{\"@type\":\"SearchAction\",\"target\":{\"@type\":\"EntryPoint\",\"urlTemplate\":\"https:\/\/www.setras.it\/?s={search_term_string}\"},\"query-input\":{\"@type\":\"PropertyValueSpecification\",\"valueRequired\":true,\"valueName\":\"search_term_string\"}}],\"inLanguage\":\"fr-FR\"}]}<\/script>\n<!-- \/ Yoast SEO plugin. -->","yoast_head_json":{"title":"\u00c0 propos - Setras","robots":{"index":"index","follow":"follow","max-snippet":"max-snippet:-1","max-image-preview":"max-image-preview:large","max-video-preview":"max-video-preview:-1"},"canonical":"https:\/\/www.setras.it\/fr\/qui-sommes-nous\/","og_locale":"fr_FR","og_type":"article","og_title":"\u00c0 propos - Setras","og_description":"[vc_row css_animation=\u00a0\u00bbfadeIn\u00a0\u00bb][vc_column css_animation=\u00a0\u00bbfadeIn\u00a0\u00bb width=\u00a0\u00bb1\/2&Prime;][vc_column_text]Avec sa flotte de 180 remorques, 150 conteneurs-citernes et 200 conteneurs en vrac , l&rsquo;entreprise Setras a conquis le march\u00e9 de la route et du transport intermodal. L&rsquo;entreprise Setras na\u00eet...","og_url":"https:\/\/www.setras.it\/fr\/qui-sommes-nous\/","og_site_name":"Setras","article_modified_time":"2025-05-22T19:49:23+00:00","twitter_card":"summary_large_image","twitter_misc":{"Dur\u00e9e de lecture estim\u00e9e":"3 minutes"},"schema":{"@context":"https:\/\/schema.org","@graph":[{"@type":"WebPage","@id":"https:\/\/www.setras.it\/fr\/qui-sommes-nous\/","url":"https:\/\/www.setras.it\/fr\/qui-sommes-nous\/","name":"\u00c0 propos - Setras","isPartOf":{"@id":"https:\/\/www.setras.it\/#website"},"datePublished":"2021-11-19T17:16:20+00:00","dateModified":"2025-05-22T19:49:23+00:00","breadcrumb":{"@id":"https:\/\/www.setras.it\/fr\/qui-sommes-nous\/#breadcrumb"},"inLanguage":"fr-FR","potentialAction":[{"@type":"ReadAction","target":["https:\/\/www.setras.it\/fr\/qui-sommes-nous\/"]}]},{"@type":"BreadcrumbList","@id":"https:\/\/www.setras.it\/fr\/qui-sommes-nous\/#breadcrumb","itemListElement":[{"@type":"ListItem","position":1,"name":"Home","item":"https:\/\/www.setras.it\/"},{"@type":"ListItem","position":2,"name":"\u00c0 propos"}]},{"@type":"WebSite","@id":"https:\/\/www.setras.it\/#website","url":"https:\/\/www.setras.it\/","name":"Setras","description":"Trasporti Prodotti Chimici","potentialAction":[{"@type":"SearchAction","target":{"@type":"EntryPoint","urlTemplate":"https:\/\/www.setras.it\/?s={search_term_string}"},"query-input":{"@type":"PropertyValueSpecification","valueRequired":true,"valueName":"search_term_string"}}],"inLanguage":"fr-FR"}]}},"_links":{"self":[{"href":"https:\/\/www.setras.it\/fr\/wp-json\/wp\/v2\/pages\/1968","targetHints":{"allow":["GET"]}}],"collection":[{"href":"https:\/\/www.setras.it\/fr\/wp-json\/wp\/v2\/pages"}],"about":[{"href":"https:\/\/www.setras.it\/fr\/wp-json\/wp\/v2\/types\/page"}],"author":[{"embeddable":true,"href":"https:\/\/www.setras.it\/fr\/wp-json\/wp\/v2\/users\/2"}],"replies":[{"embeddable":true,"href":"https:\/\/www.setras.it\/fr\/wp-json\/wp\/v2\/comments?post=1968"}],"version-history":[{"count":21,"href":"https:\/\/www.setras.it\/fr\/wp-json\/wp\/v2\/pages\/1968\/revisions"}],"predecessor-version":[{"id":4608,"href":"https:\/\/www.setras.it\/fr\/wp-json\/wp\/v2\/pages\/1968\/revisions\/4608"}],"wp:attachment":[{"href":"https:\/\/www.setras.it\/fr\/wp-json\/wp\/v2\/media?parent=1968"}],"curies":[{"name":"wp","href":"https:\/\/api.w.org\/{rel}","templated":true}]}}